{"id":114,"date":"2020-04-07T02:29:59","date_gmt":"2020-04-07T00:29:59","guid":{"rendered":"https:\/\/www.kmetijaflis.si\/mlecni-izdelki\/izdelek\/sir-za-zar\/"},"modified":"2023-11-18T11:52:05","modified_gmt":"2023-11-18T10:52:05","slug":"sir-za-zar","status":"publish","type":"product","link":"https:\/\/www.kmetijaflis.si\/mlecni-izdelki\/izdelek\/sir-za-zar\/","title":{"rendered":"Sir za \u017ear 250g"},"content":{"rendered":"<p>Sir za \u017ear za razliko od drugih sirov zaradi posebnega postopka pridelave obdr\u017ei svojo strukturo tudi na vro\u010dini, zato je posebno primeren za peko na \u017earu ali vro\u010di plo\u0161\u010di, ki \u0161e dodatno izvabita ne\u017een okus sira, kot tudi v kombinaciji z razli\u010dnimi solatami.<\/p>\n","protected":false},"excerpt":{"rendered":"<p>Sir za \u017ear ne\u017enega okusa dopolnjuje njegova krhka struktura in priprava in pasteriziranega polnomastnega mleka pakiran po 250 g.<\/p>\n","protected":false},"featured_media":115,"template":"","meta":{"_acf_changed":false,"_genesis_hide_title":false,"_genesis_hide_breadcrumbs":false,"_genesis_hide_singular_image":false,"_genesis_hide_footer_widgets":false,"_genesis_custom_body_class":"","_genesis_custom_post_class":"","_genesis_layout":""},"product_cat":[16,21],"product_tag":[],"acf":[],"_links":{"self":[{"href":"https:\/\/www.kmetijaflis.si\/mlecni-izdelki\/wp-json\/wp\/v2\/product\/114"}],"collection":[{"href":"https:\/\/www.kmetijaflis.si\/mlecni-izdelki\/wp-json\/wp\/v2\/product"}],"about":[{"href":"https:\/\/www.kmetijaflis.si\/mlecni-izdelki\/wp-json\/wp\/v2\/types\/product"}],"wp:featuredmedia":[{"embeddable":true,"href":"https:\/\/www.kmetijaflis.si\/mlecni-izdelki\/wp-json\/wp\/v2\/media\/115"}],"wp:attachment":[{"href":"https:\/\/www.kmetijaflis.si\/mlecni-izdelki\/wp-json\/wp\/v2\/media?parent=114"}],"wp:term":[{"taxonomy":"product_cat","embeddable":true,"href":"https:\/\/www.kmetijaflis.si\/mlecni-izdelki\/wp-json\/wp\/v2\/product_cat?post=114"},{"taxonomy":"product_tag","embeddable":true,"href":"https:\/\/www.kmetijaflis.si\/mlecni-izdelki\/wp-json\/wp\/v2\/product_tag?post=114"}],"curies":[{"name":"wp","href":"https:\/\/api.w.org\/{rel}","templated":true}]}}